{"id":31,"date":"2015-02-08T09:01:16","date_gmt":"2015-02-08T09:01:16","guid":{"rendered":"http:\/\/pacifik.gelidus.cz\/?page_id=31"},"modified":"2016-11-13T18:01:24","modified_gmt":"2016-11-13T17:01:24","slug":"kamery","status":"publish","type":"page","link":"https:\/\/www.penzionpacifik.cz\/?page_id=31","title":{"rendered":"Kamery"},"content":{"rendered":"<p>&nbsp;<\/p>\n<p><span style=\"font-size: 12pt;\"><strong><span style=\"font-family: arial, helvetica, sans-serif;\">Odkazy na kamery \u00a0 \u00a0 \u00a0 \u00a0 \u00a0 \u00a0 \u00a0 \u00a0 \u00a0 \u00a0 \u00a0 \u00a0 \u00a0 \u00a0 \u00a0 \u00a0 \u00a0 \u00a0 \u00a0 \u00a0 \u00a0 \u00a0 \u00a0 \u00a0 \u00a0 \u00a0 \u00a0 \u00a0 \u00a0 \u00a0 \u00a0\u00a0<\/span><\/strong><\/span><\/p>\n<p><a href=\"http:\/\/penzionpacifik.cz\/wp-content\/uploads\/2015\/02\/kamera.png\" data-rel=\"lightbox-gallery-gqCZRiYh\" data-rl_title=\"\" data-rl_caption=\"\" title=\"\"><img loading=\"lazy\" decoding=\"async\" class=\"alignnone wp-image-1373\" src=\"http:\/\/penzionpacifik.cz\/wp-content\/uploads\/2015\/02\/kamera.png\" alt=\"kamera\" width=\"143\" height=\"137\" \/><\/a><\/p>\n<p>&nbsp;<\/p>\n<p><strong><span style=\"font-family: arial, helvetica, sans-serif; font-size: 10pt;\"><a href=\"http:\/\/www.holidayinfo.cz\/cs\/camera\/bran\" target=\"_blank\">Brann\u00e1<\/a><\/span><\/strong><\/p>\n<p><strong><span style=\"font-family: arial, helvetica, sans-serif; font-size: 10pt;\"><a href=\"http:\/\/www.holidayinfo.cz\/cs\/camera\/ostruzna\" target=\"_blank\">Ostru\u017en\u00e1<\/a><\/span><\/strong><\/p>\n<p><strong><span style=\"font-family: arial, helvetica, sans-serif; font-size: 10pt;\"><a href=\"http:\/\/www.holidayinfo.cz\/cs\/camera\/ramz\" target=\"_blank\">Ramzov\u00e1<\/a><\/span><\/strong><\/p>\n<p><strong><span style=\"font-size: 10pt; font-family: arial, helvetica, sans-serif;\"><a href=\"http:\/\/portal.chmi.cz\/files\/portal\/docs\/meteo\/kam\/prohlizec.html?cam=serak\" target=\"_blank\">\u0160er\u00e1k<\/a><\/span><\/strong><\/p>\n<p><strong><span style=\"font-family: arial, helvetica, sans-serif; font-size: 10pt;\"><a href=\"http:\/\/www.ejeseniky.com\/webkamery\/hanusovice\" target=\"_blank\">Hanu\u0161ovice<\/a><\/span><\/strong><\/p>\n<p><strong><span style=\"font-size: 10pt; font-family: arial, helvetica, sans-serif;\"><a href=\"http:\/\/www.holidayinfo.cz\/cs\/camera\/lazenvrch\" target=\"_blank\">Lipov\u00e1 &#8211; L\u00e1ze\u0148sk\u00fd vrch<\/a><\/span><\/strong><\/p>\n<p>(N\u011bkter\u00e9 kamery mohou b\u00fdt v provozu pouze sez\u00f3nn\u011b.)<\/p>\n","protected":false},"excerpt":{"rendered":"<p>&nbsp; Odkazy na kamery \u00a0 \u00a0 \u00a0 \u00a0 \u00a0 \u00a0 \u00a0 \u00a0 \u00a0 \u00a0 \u00a0 \u00a0 \u00a0 \u00a0 \u00a0 \u00a0 \u00a0 \u00a0 \u00a0 \u00a0 \u00a0 \u00a0 \u00a0 \u00a0 \u00a0 \u00a0 \u00a0 \u00a0 \u00a0 \u00a0 \u00a0\u00a0 &nbsp; Brann\u00e1 Ostru\u017en\u00e1 Ramzov\u00e1 \u0160er\u00e1k Hanu\u0161ovice Lipov\u00e1 &#8211; L\u00e1ze\u0148sk\u00fd vrch (N\u011bkter\u00e9 kamery mohou b\u00fdt v provozu pouze sez\u00f3nn\u011b.)<\/p>\n","protected":false},"author":3,"featured_media":0,"parent":0,"menu_order":0,"comment_status":"closed","ping_status":"closed","template":"","meta":{"footnotes":""},"class_list":["post-31","page","type-page","status-publish","hentry"],"_links":{"self":[{"href":"https:\/\/www.penzionpacifik.cz\/index.php?rest_route=\/wp\/v2\/pages\/31","targetHints":{"allow":["GET"]}}],"collection":[{"href":"https:\/\/www.penzionpacifik.cz\/index.php?rest_route=\/wp\/v2\/pages"}],"about":[{"href":"https:\/\/www.penzionpacifik.cz\/index.php?rest_route=\/wp\/v2\/types\/page"}],"author":[{"embeddable":true,"href":"https:\/\/www.penzionpacifik.cz\/index.php?rest_route=\/wp\/v2\/users\/3"}],"replies":[{"embeddable":true,"href":"https:\/\/www.penzionpacifik.cz\/index.php?rest_route=%2Fwp%2Fv2%2Fcomments&post=31"}],"version-history":[{"count":0,"href":"https:\/\/www.penzionpacifik.cz\/index.php?rest_route=\/wp\/v2\/pages\/31\/revisions"}],"wp:attachment":[{"href":"https:\/\/www.penzionpacifik.cz\/index.php?rest_route=%2Fwp%2Fv2%2Fmedia&parent=31"}],"curies":[{"name":"wp","href":"https:\/\/api.w.org\/{rel}","templated":true}]}}